{"id":50,"date":"2018-05-24T12:38:28","date_gmt":"2018-05-24T12:38:28","guid":{"rendered":"http:\/\/holzbau-brunke.de\/?page_id=50"},"modified":"2018-09-13T09:53:20","modified_gmt":"2018-09-13T09:53:20","slug":"referenzen","status":"publish","type":"page","link":"https:\/\/brunke-holzbau.de\/?page_id=50","title":{"rendered":"Referenzen"},"content":{"rendered":"<div id='gallery-1' class='gallery galleryid-50 gallery-columns-1 gallery-size-full'><figure class='gallery-item'>\n\t\t\t<div class='gallery-icon landscape'>\n\t\t\t\t<a href='https:\/\/brunke-holzbau.de\/wp-content\/uploads\/2018\/09\/IMG_9753.jpg'><img width=\"5184\" height=\"3456\" src=\"https:\/\/brunke-holzbau.de\/wp-content\/uploads\/2018\/09\/IMG_9753.jpg\" class=\"attachment-full size-full\" alt=\"\" loading=\"lazy\" aria-describedby=\"gallery-1-77\" srcset=\"https:\/\/brunke-holzbau.de\/wp-content\/uploads\/2018\/09\/IMG_9753.jpg 5184w, https:\/\/brunke-holzbau.de\/wp-content\/uploads\/2018\/09\/IMG_9753-300x200.jpg 300w, https:\/\/brunke-holzbau.de\/wp-content\/uploads\/2018\/09\/IMG_9753-768x512.jpg 768w, https:\/\/brunke-holzbau.de\/wp-content\/uploads\/2018\/09\/IMG_9753-1024x683.jpg 1024w\" sizes=\"100vw\" \/><\/a>\n\t\t\t<\/div>\n\t\t\t\t<figcaption class='wp-caption-text gallery-caption' id='gallery-1-77'>\n\t\t\t\tVeranda f\u00fcr das erste Obergescho\u00df in Holzst\u00e4nderbauweise\n\t\t\t\t<\/figcaption><\/figure><figure class='gallery-item'>\n\t\t\t<div class='gallery-icon landscape'>\n\t\t\t\t<a href='https:\/\/brunke-holzbau.de\/wp-content\/uploads\/2018\/09\/IMG_9751.jpg'><img width=\"5184\" height=\"3456\" src=\"https:\/\/brunke-holzbau.de\/wp-content\/uploads\/2018\/09\/IMG_9751.jpg\" class=\"attachment-full size-full\" alt=\"\" loading=\"lazy\" aria-describedby=\"gallery-1-78\" srcset=\"https:\/\/brunke-holzbau.de\/wp-content\/uploads\/2018\/09\/IMG_9751.jpg 5184w, https:\/\/brunke-holzbau.de\/wp-content\/uploads\/2018\/09\/IMG_9751-300x200.jpg 300w, https:\/\/brunke-holzbau.de\/wp-content\/uploads\/2018\/09\/IMG_9751-768x512.jpg 768w, https:\/\/brunke-holzbau.de\/wp-content\/uploads\/2018\/09\/IMG_9751-1024x683.jpg 1024w\" sizes=\"100vw\" \/><\/a>\n\t\t\t<\/div>\n\t\t\t\t<figcaption class='wp-caption-text gallery-caption' id='gallery-1-78'>\n\t\t\t\tAbbundhalle in Sehlde\n\t\t\t\t<\/figcaption><\/figure><figure class='gallery-item'>\n\t\t\t<div class='gallery-icon landscape'>\n\t\t\t\t<a href='https:\/\/brunke-holzbau.de\/wp-content\/uploads\/2018\/09\/IMG_9674.jpg'><img width=\"5184\" height=\"3456\" src=\"https:\/\/brunke-holzbau.de\/wp-content\/uploads\/2018\/09\/IMG_9674.jpg\" class=\"attachment-full size-full\" alt=\"\" loading=\"lazy\" aria-describedby=\"gallery-1-79\" srcset=\"https:\/\/brunke-holzbau.de\/wp-content\/uploads\/2018\/09\/IMG_9674.jpg 5184w, https:\/\/brunke-holzbau.de\/wp-content\/uploads\/2018\/09\/IMG_9674-300x200.jpg 300w, https:\/\/brunke-holzbau.de\/wp-content\/uploads\/2018\/09\/IMG_9674-768x512.jpg 768w, https:\/\/brunke-holzbau.de\/wp-content\/uploads\/2018\/09\/IMG_9674-1024x683.jpg 1024w\" sizes=\"100vw\" \/><\/a>\n\t\t\t<\/div>\n\t\t\t\t<figcaption class='wp-caption-text gallery-caption' id='gallery-1-79'>\n\t\t\t\tRegengesch\u00fctzte Holzlagerung\n\t\t\t\t<\/figcaption><\/figure><figure class='gallery-item'>\n\t\t\t<div class='gallery-icon landscape'>\n\t\t\t\t<a href='https:\/\/brunke-holzbau.de\/wp-content\/uploads\/2018\/09\/IMG_9597.jpg'><img width=\"5184\" height=\"3456\" src=\"https:\/\/brunke-holzbau.de\/wp-content\/uploads\/2018\/09\/IMG_9597.jpg\" class=\"attachment-full size-full\" alt=\"\" loading=\"lazy\" aria-describedby=\"gallery-1-80\" srcset=\"https:\/\/brunke-holzbau.de\/wp-content\/uploads\/2018\/09\/IMG_9597.jpg 5184w, https:\/\/brunke-holzbau.de\/wp-content\/uploads\/2018\/09\/IMG_9597-300x200.jpg 300w, https:\/\/brunke-holzbau.de\/wp-content\/uploads\/2018\/09\/IMG_9597-768x512.jpg 768w, https:\/\/brunke-holzbau.de\/wp-content\/uploads\/2018\/09\/IMG_9597-1024x683.jpg 1024w\" sizes=\"100vw\" \/><\/a>\n\t\t\t<\/div>\n\t\t\t\t<figcaption class='wp-caption-text gallery-caption' id='gallery-1-80'>\n\t\t\t\tHolzlagerung\n\t\t\t\t<\/figcaption><\/figure>\n\t\t<\/div>\n\n","protected":false},"excerpt":{"rendered":"","protected":false},"author":1,"featured_media":0,"parent":0,"menu_order":0,"comment_status":"closed","ping_status":"closed","template":"","meta":[],"_links":{"self":[{"href":"https:\/\/brunke-holzbau.de\/index.php?rest_route=\/wp\/v2\/pages\/50"}],"collection":[{"href":"https:\/\/brunke-holzbau.de\/index.php?rest_route=\/wp\/v2\/pages"}],"about":[{"href":"https:\/\/brunke-holzbau.de\/index.php?rest_route=\/wp\/v2\/types\/page"}],"author":[{"embeddable":true,"href":"https:\/\/brunke-holzbau.de\/index.php?rest_route=\/wp\/v2\/users\/1"}],"replies":[{"embeddable":true,"href":"https:\/\/brunke-holzbau.de\/index.php?rest_route=%2Fwp%2Fv2%2Fcomments&post=50"}],"version-history":[{"count":4,"href":"https:\/\/brunke-holzbau.de\/index.php?rest_route=\/wp\/v2\/pages\/50\/revisions"}],"predecessor-version":[{"id":82,"href":"https:\/\/brunke-holzbau.de\/index.php?rest_route=\/wp\/v2\/pages\/50\/revisions\/82"}],"wp:attachment":[{"href":"https:\/\/brunke-holzbau.de\/index.php?rest_route=%2Fwp%2Fv2%2Fmedia&parent=50"}],"curies":[{"name":"wp","href":"https:\/\/api.w.org\/{rel}","templated":true}]}}